{"version":"1.0","provider_name":"R\u00e1dio Life FM","provider_url":"https:\/\/radiolifefm.com.br\/noticias","author_name":"ritanery","author_url":"https:\/\/radiolifefm.com.br\/noticias\/author\/ritanery\/","title":"Prov\u00edncia, Carreata, Berrantes (buzinas) e Mentes Med\u00edocres... - R\u00e1dio Life FM","type":"rich","width":600,"height":338,"html":"<blockquote class=\"wp-embedded-content\" data-secret=\"FUd34UKoS1\"><a href=\"https:\/\/radiolifefm.com.br\/noticias\/provincia-carreata-berrantes-buzinas-e-mentes-mediocres\/\">Prov\u00edncia, Carreata, Berrantes (buzinas) e Mentes Med\u00edocres&#8230;<\/a><\/blockquote><iframe sandbox=\"allow-scripts\" security=\"restricted\" src=\"https:\/\/radiolifefm.com.br\/noticias\/provincia-carreata-berrantes-buzinas-e-mentes-mediocres\/embed\/#?secret=FUd34UKoS1\" width=\"600\" height=\"338\" title=\"&#8220;Prov\u00edncia, Carreata, Berrantes (buzinas) e Mentes Med\u00edocres&#8230;&#8221; &#8212; R\u00e1dio Life FM\" data-secret=\"FUd34UKoS1\" frameborder=\"0\" marginwidth=\"0\" marginheight=\"0\" scrolling=\"no\" class=\"wp-embedded-content\"><\/iframe><script type=\"text\/javascript\">\n\/* <![CDATA[ *\/\n\/*! This file is auto-generated *\/\n!function(d,l){\"use strict\";l.querySelector&&d.addEventListener&&\"undefined\"!=typeof URL&&(d.wp=d.wp||{},d.wp.receiveEmbedMessage||(d.wp.receiveEmbedMessage=function(e){var t=e.data;if((t||t.secret||t.message||t.value)&&!\/[^a-zA-Z0-9]\/.test(t.secret)){for(var s,r,n,a=l.querySelectorAll('iframe[data-secret=\"'+t.secret+'\"]'),o=l.querySelectorAll('blockquote[data-secret=\"'+t.secret+'\"]'),c=new RegExp(\"^https?:$\",\"i\"),i=0;i<o.length;i++)o[i].style.display=\"none\";for(i=0;i<a.length;i++)s=a[i],e.source===s.contentWindow&&(s.removeAttribute(\"style\"),\"height\"===t.message?(1e3<(r=parseInt(t.value,10))?r=1e3:~~r<200&&(r=200),s.height=r):\"link\"===t.message&&(r=new URL(s.getAttribute(\"src\")),n=new URL(t.value),c.test(n.protocol))&&n.host===r.host&&l.activeElement===s&&(d.top.location.href=t.value))}},d.addEventListener(\"message\",d.wp.receiveEmbedMessage,!1),l.addEventListener(\"DOMContentLoaded\",function(){for(var e,t,s=l.querySelectorAll(\"iframe.wp-embedded-content\"),r=0;r<s.length;r++)(t=(e=s[r]).getAttribute(\"data-secret\"))||(t=Math.random().toString(36).substring(2,12),e.src+=\"#?secret=\"+t,e.setAttribute(\"data-secret\",t)),e.contentWindow.postMessage({message:\"ready\",secret:t},\"*\")},!1)))}(window,document);\n\/* ]]> *\/\n<\/script>\n","thumbnail_url":"https:\/\/radiolifefm.com.br\/noticias\/wp-content\/uploads\/2022\/04\/WhatsApp-Image-2022-04-10-at-18.43.02.jpeg","thumbnail_width":972,"thumbnail_height":1296,"description":"&#8220;N\u00e3o deem o que \u00e9 sagrado aos c\u00e3es, nem atirem suas p\u00e9rolas aos porcos; caso contr\u00e1rio, estes as pisar\u00e3o e, aqueles, voltando-se contra voc\u00eas, os despeda\u00e7ar\u00e3o.\u201d (Mt 7.6.) S\u00e9rgio Barbosa (*) No dia 7, ou seja, denominado de o DIA DA P\u00c1TRIA (sic), ainda, comemorando o BICENTEN\u00c1RIO DA INDEPEND\u00caNCIA (sic), portanto, tudo na mesmice de [&hellip;]"}