{"version":"1.0","provider_name":"R\u00e1dio Life FM","provider_url":"https:\/\/radiolifefm.com.br\/noticias","author_name":"ritanery","author_url":"https:\/\/radiolifefm.com.br\/noticias\/author\/ritanery\/","title":"Projeto Feira Livre \u00e9 sucesso na Esta\u00e7\u00e3o Recreio! - R\u00e1dio Life FM","type":"rich","width":600,"height":338,"html":"<blockquote class=\"wp-embedded-content\" data-secret=\"7rUgh9tCKG\"><a href=\"https:\/\/radiolifefm.com.br\/noticias\/projeto-feira-livre-e-sucesso-na-estacao-recreio\/\">Projeto Feira Livre \u00e9 sucesso na Esta\u00e7\u00e3o Recreio!<\/a><\/blockquote><iframe sandbox=\"allow-scripts\" security=\"restricted\" src=\"https:\/\/radiolifefm.com.br\/noticias\/projeto-feira-livre-e-sucesso-na-estacao-recreio\/embed\/#?secret=7rUgh9tCKG\" width=\"600\" height=\"338\" title=\"&#8220;Projeto Feira Livre \u00e9 sucesso na Esta\u00e7\u00e3o Recreio!&#8221; &#8212; R\u00e1dio Life FM\" data-secret=\"7rUgh9tCKG\" frameborder=\"0\" marginwidth=\"0\" marginheight=\"0\" scrolling=\"no\" class=\"wp-embedded-content\"><\/iframe><script type=\"text\/javascript\">\n\/* <![CDATA[ *\/\n\/*! This file is auto-generated *\/\n!function(d,l){\"use strict\";l.querySelector&&d.addEventListener&&\"undefined\"!=typeof URL&&(d.wp=d.wp||{},d.wp.receiveEmbedMessage||(d.wp.receiveEmbedMessage=function(e){var t=e.data;if((t||t.secret||t.message||t.value)&&!\/[^a-zA-Z0-9]\/.test(t.secret)){for(var s,r,n,a=l.querySelectorAll('iframe[data-secret=\"'+t.secret+'\"]'),o=l.querySelectorAll('blockquote[data-secret=\"'+t.secret+'\"]'),c=new RegExp(\"^https?:$\",\"i\"),i=0;i<o.length;i++)o[i].style.display=\"none\";for(i=0;i<a.length;i++)s=a[i],e.source===s.contentWindow&&(s.removeAttribute(\"style\"),\"height\"===t.message?(1e3<(r=parseInt(t.value,10))?r=1e3:~~r<200&&(r=200),s.height=r):\"link\"===t.message&&(r=new URL(s.getAttribute(\"src\")),n=new URL(t.value),c.test(n.protocol))&&n.host===r.host&&l.activeElement===s&&(d.top.location.href=t.value))}},d.addEventListener(\"message\",d.wp.receiveEmbedMessage,!1),l.addEventListener(\"DOMContentLoaded\",function(){for(var e,t,s=l.querySelectorAll(\"iframe.wp-embedded-content\"),r=0;r<s.length;r++)(t=(e=s[r]).getAttribute(\"data-secret\"))||(t=Math.random().toString(36).substring(2,12),e.src+=\"#?secret=\"+t,e.setAttribute(\"data-secret\",t)),e.contentWindow.postMessage({message:\"ready\",secret:t},\"*\")},!1)))}(window,document);\n\/* ]]> *\/\n<\/script>\n","thumbnail_url":"https:\/\/radiolifefm.com.br\/noticias\/wp-content\/uploads\/2022\/10\/WhatsApp-Image-2022-10-10-at-10.16.57.jpeg","thumbnail_width":1280,"thumbnail_height":960,"description":"Deve-se registrar que a promo\u00e7\u00e3o de atividades na \u00e1rea cultural \u00e9 mais do que desafio para todos os setores que atuam na \u00e1rea, tendo em vista que existem, quase sempre, outras prioridades pendentes, ainda mais quando se trata do Poder P\u00fablico. Entretanto, no domingo, 9, a partir das 9h, ocorreu a \u201c3\u00aa. Edi\u00e7\u00e3o\u201d do Projeto [&hellip;]"}