{"version":"1.0","provider_name":"R\u00e1dio Life FM","provider_url":"https:\/\/radiolifefm.com.br\/noticias","author_name":"ritanery","author_url":"https:\/\/radiolifefm.com.br\/noticias\/author\/ritanery\/","title":"Pra\u00e7a \u00c9lio Micheloni ter\u00e1 fonte luminosa - R\u00e1dio Life FM","type":"rich","width":600,"height":338,"html":"<blockquote class=\"wp-embedded-content\" data-secret=\"ELyS1uVBlq\"><a href=\"https:\/\/radiolifefm.com.br\/noticias\/praca-elio-micheloni-tera-fonte-luminosa\/\">Pra\u00e7a \u00c9lio Micheloni ter\u00e1 fonte luminosa<\/a><\/blockquote><iframe sandbox=\"allow-scripts\" security=\"restricted\" src=\"https:\/\/radiolifefm.com.br\/noticias\/praca-elio-micheloni-tera-fonte-luminosa\/embed\/#?secret=ELyS1uVBlq\" width=\"600\" height=\"338\" title=\"&#8220;Pra\u00e7a \u00c9lio Micheloni ter\u00e1 fonte luminosa&#8221; &#8212; R\u00e1dio Life FM\" data-secret=\"ELyS1uVBlq\" frameborder=\"0\" marginwidth=\"0\" marginheight=\"0\" scrolling=\"no\" class=\"wp-embedded-content\"><\/iframe><script type=\"text\/javascript\">\n\/* <![CDATA[ *\/\n\/*! This file is auto-generated *\/\n!function(d,l){\"use strict\";l.querySelector&&d.addEventListener&&\"undefined\"!=typeof URL&&(d.wp=d.wp||{},d.wp.receiveEmbedMessage||(d.wp.receiveEmbedMessage=function(e){var t=e.data;if((t||t.secret||t.message||t.value)&&!\/[^a-zA-Z0-9]\/.test(t.secret)){for(var s,r,n,a=l.querySelectorAll('iframe[data-secret=\"'+t.secret+'\"]'),o=l.querySelectorAll('blockquote[data-secret=\"'+t.secret+'\"]'),c=new RegExp(\"^https?:$\",\"i\"),i=0;i<o.length;i++)o[i].style.display=\"none\";for(i=0;i<a.length;i++)s=a[i],e.source===s.contentWindow&&(s.removeAttribute(\"style\"),\"height\"===t.message?(1e3<(r=parseInt(t.value,10))?r=1e3:~~r<200&&(r=200),s.height=r):\"link\"===t.message&&(r=new URL(s.getAttribute(\"src\")),n=new URL(t.value),c.test(n.protocol))&&n.host===r.host&&l.activeElement===s&&(d.top.location.href=t.value))}},d.addEventListener(\"message\",d.wp.receiveEmbedMessage,!1),l.addEventListener(\"DOMContentLoaded\",function(){for(var e,t,s=l.querySelectorAll(\"iframe.wp-embedded-content\"),r=0;r<s.length;r++)(t=(e=s[r]).getAttribute(\"data-secret\"))||(t=Math.random().toString(36).substring(2,12),e.src+=\"#?secret=\"+t,e.setAttribute(\"data-secret\",t)),e.contentWindow.postMessage({message:\"ready\",secret:t},\"*\")},!1)))}(window,document);\n\/* ]]> *\/\n<\/script>\n","thumbnail_url":"https:\/\/radiolifefm.com.br\/noticias\/wp-content\/uploads\/2022\/09\/foto-8.jpeg","thumbnail_width":1600,"thumbnail_height":1004,"description":"Imagine uma fonte com muitas cores, sons e com jatos de \u00e1gua que interagem conforme o ritmo da m\u00fasica. Assim ser\u00e1 a fonte que ser\u00e1 instalada na Pra\u00e7a \u00c9lio Micheloni. Essa implanta\u00e7\u00e3o ser\u00e1 feita com recursos destinados ao munic\u00edpio pelo Governo do Estado de S\u00e3o Paulo, pois Adamantina \u00e9 Munic\u00edpio de Interesse Tur\u00edstico (MIT). Para [&hellip;]"}