{"version":"1.0","provider_name":"R\u00e1dio Life FM","provider_url":"https:\/\/radiolifefm.com.br\/noticias","author_name":"ritanery","author_url":"https:\/\/radiolifefm.com.br\/noticias\/author\/ritanery\/","title":"M\u00cdDIA PROVINCIANA: UMA REFLEX\u00c3O! - R\u00e1dio Life FM","type":"rich","width":600,"height":338,"html":"<blockquote class=\"wp-embedded-content\" data-secret=\"7JN8RR5VNt\"><a href=\"https:\/\/radiolifefm.com.br\/noticias\/midia-provinciana-uma-reflexao\/\">M\u00cdDIA PROVINCIANA: UMA REFLEX\u00c3O!<\/a><\/blockquote><iframe sandbox=\"allow-scripts\" security=\"restricted\" src=\"https:\/\/radiolifefm.com.br\/noticias\/midia-provinciana-uma-reflexao\/embed\/#?secret=7JN8RR5VNt\" width=\"600\" height=\"338\" title=\"&#8220;M\u00cdDIA PROVINCIANA: UMA REFLEX\u00c3O!&#8221; &#8212; R\u00e1dio Life FM\" data-secret=\"7JN8RR5VNt\" frameborder=\"0\" marginwidth=\"0\" marginheight=\"0\" scrolling=\"no\" class=\"wp-embedded-content\"><\/iframe><script type=\"text\/javascript\">\n\/* <![CDATA[ *\/\n\/*! This file is auto-generated *\/\n!function(d,l){\"use strict\";l.querySelector&&d.addEventListener&&\"undefined\"!=typeof URL&&(d.wp=d.wp||{},d.wp.receiveEmbedMessage||(d.wp.receiveEmbedMessage=function(e){var t=e.data;if((t||t.secret||t.message||t.value)&&!\/[^a-zA-Z0-9]\/.test(t.secret)){for(var s,r,n,a=l.querySelectorAll('iframe[data-secret=\"'+t.secret+'\"]'),o=l.querySelectorAll('blockquote[data-secret=\"'+t.secret+'\"]'),c=new RegExp(\"^https?:$\",\"i\"),i=0;i<o.length;i++)o[i].style.display=\"none\";for(i=0;i<a.length;i++)s=a[i],e.source===s.contentWindow&&(s.removeAttribute(\"style\"),\"height\"===t.message?(1e3<(r=parseInt(t.value,10))?r=1e3:~~r<200&&(r=200),s.height=r):\"link\"===t.message&&(r=new URL(s.getAttribute(\"src\")),n=new URL(t.value),c.test(n.protocol))&&n.host===r.host&&l.activeElement===s&&(d.top.location.href=t.value))}},d.addEventListener(\"message\",d.wp.receiveEmbedMessage,!1),l.addEventListener(\"DOMContentLoaded\",function(){for(var e,t,s=l.querySelectorAll(\"iframe.wp-embedded-content\"),r=0;r<s.length;r++)(t=(e=s[r]).getAttribute(\"data-secret\"))||(t=Math.random().toString(36).substring(2,12),e.src+=\"#?secret=\"+t,e.setAttribute(\"data-secret\",t)),e.contentWindow.postMessage({message:\"ready\",secret:t},\"*\")},!1)))}(window,document);\n\/* ]]> *\/\n<\/script>\n","thumbnail_url":"https:\/\/radiolifefm.com.br\/noticias\/wp-content\/uploads\/2022\/04\/WhatsApp-Image-2022-04-10-at-18.43.02.jpeg","thumbnail_width":972,"thumbnail_height":1296,"description":"&nbsp; \u201c\u00c9 provinciano, mas Provinciano do bom, aquele que est\u00e1 nos h\u00e1bitos do seu meio, que sente as realidades, as necessidades do seu meio. Esse sente as excel\u00eancias da prov\u00edncia. N\u00e3o tem vergonha da Prov\u00edncia- tem \u00e9 orgulho!\u201d (Manuel Bandeira) &nbsp; S\u00e9rgio Barbosa (*) &nbsp; Depois, dizem, do \u201cvendaval vem a bonanza\u201d, assim, ap\u00f3s as [&hellip;]"}