{"version":"1.0","provider_name":"R\u00e1dio Life FM","provider_url":"https:\/\/radiolifefm.com.br\/noticias","author_name":"ritanery","author_url":"https:\/\/radiolifefm.com.br\/noticias\/author\/ritanery\/","title":"Entenda mudan\u00e7as na aposentadoria em 2026 - R\u00e1dio Life FM","type":"rich","width":600,"height":338,"html":"<blockquote class=\"wp-embedded-content\" data-secret=\"RAIhvnFcr7\"><a href=\"https:\/\/radiolifefm.com.br\/noticias\/entenda-mudancas-na-aposentadoria-em-2026\/\">Entenda mudan\u00e7as na aposentadoria em 2026<\/a><\/blockquote><iframe sandbox=\"allow-scripts\" security=\"restricted\" src=\"https:\/\/radiolifefm.com.br\/noticias\/entenda-mudancas-na-aposentadoria-em-2026\/embed\/#?secret=RAIhvnFcr7\" width=\"600\" height=\"338\" title=\"&#8220;Entenda mudan\u00e7as na aposentadoria em 2026&#8221; &#8212; R\u00e1dio Life FM\" data-secret=\"RAIhvnFcr7\" frameborder=\"0\" marginwidth=\"0\" marginheight=\"0\" scrolling=\"no\" class=\"wp-embedded-content\"><\/iframe><script type=\"text\/javascript\">\n\/* <![CDATA[ *\/\n\/*! This file is auto-generated *\/\n!function(d,l){\"use strict\";l.querySelector&&d.addEventListener&&\"undefined\"!=typeof URL&&(d.wp=d.wp||{},d.wp.receiveEmbedMessage||(d.wp.receiveEmbedMessage=function(e){var t=e.data;if((t||t.secret||t.message||t.value)&&!\/[^a-zA-Z0-9]\/.test(t.secret)){for(var s,r,n,a=l.querySelectorAll('iframe[data-secret=\"'+t.secret+'\"]'),o=l.querySelectorAll('blockquote[data-secret=\"'+t.secret+'\"]'),c=new RegExp(\"^https?:$\",\"i\"),i=0;i<o.length;i++)o[i].style.display=\"none\";for(i=0;i<a.length;i++)s=a[i],e.source===s.contentWindow&&(s.removeAttribute(\"style\"),\"height\"===t.message?(1e3<(r=parseInt(t.value,10))?r=1e3:~~r<200&&(r=200),s.height=r):\"link\"===t.message&&(r=new URL(s.getAttribute(\"src\")),n=new URL(t.value),c.test(n.protocol))&&n.host===r.host&&l.activeElement===s&&(d.top.location.href=t.value))}},d.addEventListener(\"message\",d.wp.receiveEmbedMessage,!1),l.addEventListener(\"DOMContentLoaded\",function(){for(var e,t,s=l.querySelectorAll(\"iframe.wp-embedded-content\"),r=0;r<s.length;r++)(t=(e=s[r]).getAttribute(\"data-secret\"))||(t=Math.random().toString(36).substring(2,12),e.src+=\"#?secret=\"+t,e.setAttribute(\"data-secret\",t)),e.contentWindow.postMessage({message:\"ready\",secret:t},\"*\")},!1)))}(window,document);\n\/* ]]> *\/\n<\/script>\n","thumbnail_url":"https:\/\/radiolifefm.com.br\/noticias\/wp-content\/uploads\/2026\/01\/cats-1.jpg","thumbnail_width":1170,"thumbnail_height":700,"description":"Quem est\u00e1 pr\u00f3ximo de se aposentar deve ficar atento \u00e0s atualiza\u00e7\u00f5es nas regras. A reforma da Previd\u00eancia, aprovada em 2019, criou mecanismos autom\u00e1ticos de transi\u00e7\u00e3o que alteram, ano ap\u00f3s ano, os crit\u00e9rios para concess\u00e3o dos benef\u00edcios. Em 2026, entram em vigor novas exig\u00eancias relacionadas \u00e0 aposentadoria por tempo de contribui\u00e7\u00e3o e por idade. Confira os [&hellip;]"}