{"version":"1.0","provider_name":"R\u00e1dio Life FM","provider_url":"https:\/\/radiolifefm.com.br\/noticias","author_name":"ritanery","author_url":"https:\/\/radiolifefm.com.br\/noticias\/author\/ritanery\/","title":"DE VOLTA AO SENSO COMUM NA PROV\u00cdNCIA... - R\u00e1dio Life FM","type":"rich","width":600,"height":338,"html":"<blockquote class=\"wp-embedded-content\" data-secret=\"vyuaXwSZRH\"><a href=\"https:\/\/radiolifefm.com.br\/noticias\/de-volta-ao-senso-comum-na-provincia-2\/\">DE VOLTA AO SENSO COMUM NA PROV\u00cdNCIA&#8230;<\/a><\/blockquote><iframe sandbox=\"allow-scripts\" security=\"restricted\" src=\"https:\/\/radiolifefm.com.br\/noticias\/de-volta-ao-senso-comum-na-provincia-2\/embed\/#?secret=vyuaXwSZRH\" width=\"600\" height=\"338\" title=\"&#8220;DE VOLTA AO SENSO COMUM NA PROV\u00cdNCIA&#8230;&#8221; &#8212; R\u00e1dio Life FM\" data-secret=\"vyuaXwSZRH\" frameborder=\"0\" marginwidth=\"0\" marginheight=\"0\" scrolling=\"no\" class=\"wp-embedded-content\"><\/iframe><script type=\"text\/javascript\">\n\/* <![CDATA[ *\/\n\/*! This file is auto-generated *\/\n!function(d,l){\"use strict\";l.querySelector&&d.addEventListener&&\"undefined\"!=typeof URL&&(d.wp=d.wp||{},d.wp.receiveEmbedMessage||(d.wp.receiveEmbedMessage=function(e){var t=e.data;if((t||t.secret||t.message||t.value)&&!\/[^a-zA-Z0-9]\/.test(t.secret)){for(var s,r,n,a=l.querySelectorAll('iframe[data-secret=\"'+t.secret+'\"]'),o=l.querySelectorAll('blockquote[data-secret=\"'+t.secret+'\"]'),c=new RegExp(\"^https?:$\",\"i\"),i=0;i<o.length;i++)o[i].style.display=\"none\";for(i=0;i<a.length;i++)s=a[i],e.source===s.contentWindow&&(s.removeAttribute(\"style\"),\"height\"===t.message?(1e3<(r=parseInt(t.value,10))?r=1e3:~~r<200&&(r=200),s.height=r):\"link\"===t.message&&(r=new URL(s.getAttribute(\"src\")),n=new URL(t.value),c.test(n.protocol))&&n.host===r.host&&l.activeElement===s&&(d.top.location.href=t.value))}},d.addEventListener(\"message\",d.wp.receiveEmbedMessage,!1),l.addEventListener(\"DOMContentLoaded\",function(){for(var e,t,s=l.querySelectorAll(\"iframe.wp-embedded-content\"),r=0;r<s.length;r++)(t=(e=s[r]).getAttribute(\"data-secret\"))||(t=Math.random().toString(36).substring(2,12),e.src+=\"#?secret=\"+t,e.setAttribute(\"data-secret\",t)),e.contentWindow.postMessage({message:\"ready\",secret:t},\"*\")},!1)))}(window,document);\n\/* ]]> *\/\n<\/script>\n","thumbnail_url":"https:\/\/static.radiolifefm.com.br\/noticias\/wp-content\/uploads\/2022\/04\/WhatsApp-Image-2022-04-10-at-18.43.02.jpeg","thumbnail_width":972,"thumbnail_height":1296,"description":"\u201cAlguns (Chefes) s\u00e3o considerados grandes porque lhes mediram tamb\u00e9m o pedestal\u201d. (S\u00eaneca) &nbsp; S\u00e9rgio Barbosa (*) &nbsp; Nem sempre o interesse imputado pela nossa v\u00e3 filosofia tupiniquim assume uma postura al\u00e9m da nossa imagina\u00e7\u00e3o limitada pelo senso comum neste tempo do tempo, assim, cada qual, do seu jeito de ser busca o sil\u00eancio da noite&#8230; [&hellip;]"}